{"id":126849,"date":"2023-03-05T19:28:43","date_gmt":"2023-03-05T17:28:43","guid":{"rendered":"https:\/\/www.thegfrecipes.com\/recipe\/glutensiz-kurtos-kalacs\/"},"modified":"2024-03-20T18:07:26","modified_gmt":"2024-03-20T16:07:26","slug":"glutensiz-kurtos-kalacs","status":"publish","type":"osetin_recipe","link":"https:\/\/www.thegfrecipes.com\/tr\/yemek-tarifi\/glutensiz-kurtos-kalacs\/","title":{"rendered":"Kurtos Kalacs"},"content":{"rendered":"\n<h4 class=\"wp-block-heading has-text-align-center\">Bu glutensiz kurtos kalacs tarifine ba\u015flamak i\u00e7in a\u015fa\u011f\u0131daki malzemelere ihtiyac\u0131n\u0131z olacak:<\/h4>\n\n<figure class=\"wp-block-image size-large\"><img loading=\"lazy\" decoding=\"async\" width=\"1024\" height=\"469\" src=\"https:\/\/www.thegfrecipes.com\/wp-content\/uploads\/2023\/03\/IMG_20210617_214715-1024x469.jpg\" alt=\"\" class=\"wp-image-49458\" srcset=\"https:\/\/www.thegfrecipes.com\/wp-content\/uploads\/2023\/03\/IMG_20210617_214715-1024x469.jpg 1024w, https:\/\/www.thegfrecipes.com\/wp-content\/uploads\/2023\/03\/IMG_20210617_214715-300x138.jpg 300w, https:\/\/www.thegfrecipes.com\/wp-content\/uploads\/2023\/03\/IMG_20210617_214715-768x352.jpg 768w, https:\/\/www.thegfrecipes.com\/wp-content\/uploads\/2023\/03\/IMG_20210617_214715-1536x704.jpg 1536w, https:\/\/www.thegfrecipes.com\/wp-content\/uploads\/2023\/03\/IMG_20210617_214715-2048x939.jpg 2048w, https:\/\/www.thegfrecipes.com\/wp-content\/uploads\/2023\/03\/IMG_20210617_214715-500x229.jpg 500w\" sizes=\"auto, (max-width: 1024px) 100vw, 1024px\" \/><\/figure>\n","protected":false},"excerpt":{"rendered":"<p>Baca keki olarak da bilinen bu tatl\u0131 hamur i\u015fi, hamurun bir silindirin etraf\u0131na sar\u0131lmas\u0131 ve k\u0131zarana kadar kavrulmas\u0131yla yap\u0131l\u0131r.<br \/>\nSonu\u00e7, kabar\u0131k ve yumu\u015fak bir i\u00e7 k\u0131s\u0131m ile \u00e7\u0131t\u0131r \u00e7\u0131t\u0131r, karamelize bir d\u0131\u015f k\u0131s\u0131md\u0131r.<br \/>\nKesinlikle \u00e7ok seveceksiniz!  <\/p>\n","protected":false},"author":2,"featured_media":124794,"comment_status":"closed","ping_status":"closed","template":"","format":"standard","categories":[2548],"recipe_feature":[2541],"recipe_ingredient":[2381,2377,2407,2378,2399,2393,2384,2247,2492,2279,2461,2508,2347,2339],"recipe_cuisine":[2552],"class_list":["post-126849","osetin_recipe","type-osetin_recipe","status-publish","format-standard","has-post-thumbnail","hentry","category-pastacilik","recipe_feature-glutensiz","recipe_ingredient-bal","recipe_ingredient-ceviz-tozu","recipe_ingredient-eritilmis-tereyagi","recipe_ingredient-guar-zamki","recipe_ingredient-ilik-sut","recipe_ingredient-limon-kabugu","recipe_ingredient-pudra-sekeri","recipe_ingredient-schar-mix-patisserie-tr","recipe_ingredient-seker","recipe_ingredient-tereyagi-tr","recipe_ingredient-tuz","recipe_ingredient-vanilya-ekstrakti","recipe_ingredient-yas-maya","recipe_ingredient-yumurta-sarisi-tr","recipe_cuisine-macaristan"],"acf":{"sub_title":"","acf_featured_image":null,"recipe_category":[2548],"recipe_cuisine":[2552],"recipe_features":[2541],"layout_type_for_single_recipe":"default","custom_image_for_header":null,"recipe_details_position":"default","quick_description":"Baca keki olarak da bilinen bu tatl\u0131 hamur i\u015fi, hamurun bir silindirin etraf\u0131na sar\u0131lmas\u0131 ve k\u0131zarana kadar kavrulmas\u0131yla yap\u0131l\u0131r. \nSonu\u00e7, kabar\u0131k ve yumu\u015fak bir i\u00e7 k\u0131s\u0131m ile \u00e7\u0131t\u0131r \u00e7\u0131t\u0131r, karamelize bir d\u0131\u015f k\u0131s\u0131md\u0131r.\nKesinlikle \u00e7ok seveceksiniz! \n\n ","recipe_serves":"8","recipe_difficulty":"2","recipe_preparation_time":"35 dk","recipe_just_cooking_time":"15 dk","recipe_cooking_time":"45 dk","recipe_cooking_temperature":"190 \u00b0C","searchable_ingredients":true,"ingredients":[{"ingredient_obj":null,"ingredient_name":"Hamur","ingredient_amount":"","ingredient_note":"","separator":true,"custom_link":""},{"ingredient_obj":39,"ingredient_name":"","ingredient_amount":"25 g","ingredient_note":"","separator":false,"custom_link":""},{"ingredient_obj":38,"ingredient_name":"","ingredient_amount":"100 g","ingredient_note":"","separator":false,"custom_link":""},{"ingredient_obj":51,"ingredient_name":"","ingredient_amount":"250 gr","ingredient_note":"","separator":false,"custom_link":""},{"ingredient_obj":79,"ingredient_name":"","ingredient_amount":"500 gr","ingredient_note":"","separator":false,"custom_link":""},{"ingredient_obj":42,"ingredient_name":"","ingredient_amount":"1 yemek ka\u015f\u0131\u011f\u0131","ingredient_note":"","separator":false,"custom_link":""},{"ingredient_obj":167,"ingredient_name":"","ingredient_amount":"3","ingredient_note":"","separator":false,"custom_link":""},{"ingredient_obj":53,"ingredient_name":"","ingredient_amount":"50 g","ingredient_note":"","separator":false,"custom_link":""},{"ingredient_obj":159,"ingredient_name":"","ingredient_amount":"1","ingredient_note":"","separator":false,"custom_link":""},{"ingredient_obj":80,"ingredient_name":"","ingredient_amount":"2 ml","ingredient_note":"","separator":false,"custom_link":""},{"ingredient_obj":43,"ingredient_name":"","ingredient_amount":"1\/2 \u00e7ay ka\u015f\u0131\u011f\u0131","ingredient_note":"","separator":false,"custom_link":""},{"ingredient_obj":57,"ingredient_name":"","ingredient_amount":"20 ml","ingredient_note":"","separator":false,"custom_link":""},{"ingredient_obj":null,"ingredient_name":"S\u00fcslemek i\u00e7in","ingredient_amount":"","ingredient_note":"","separator":true,"custom_link":""},{"ingredient_obj":101,"ingredient_name":"","ingredient_amount":"100 g","ingredient_note":"","separator":false,"custom_link":""},{"ingredient_obj":60,"ingredient_name":"","ingredient_amount":"","ingredient_note":"","separator":false,"custom_link":""},{"ingredient_obj":48,"ingredient_name":"","ingredient_amount":"100 g","ingredient_note":"","separator":false,"custom_link":""}],"steps":[{"step_title":"","step_duration":"","step_description":"Maya ve \u015fekeri \u0131l\u0131k s\u00fct\u00fcn i\u00e7inde eritin. K\u00f6p\u00fcrene kadar yakla\u015f\u0131k 15 dakika bekletin. Unu ve guar sak\u0131z\u0131n\u0131 yava\u015f yava\u015f eleyin. Kar\u0131\u015f\u0131m\u0131n ortas\u0131nda bir \u00e7ukur a\u00e7\u0131n ve yumurta sar\u0131s\u0131, tereya\u011f\u0131, limon kabu\u011fu, vanilya \u00f6z\u00fc ve tuzu ekleyin. Hamur bir araya gelene kadar \u00f6nce bir spatula ile sonra ellerinizle kar\u0131\u015ft\u0131r\u0131n.    ","step_images":[124478,124479,124480,124481],"step_has_images":true},{"step_title":"","step_duration":"","step_description":"Unlanm\u0131\u015f bir \u00e7al\u0131\u015fma y\u00fczeyinde p\u00fcr\u00fczs\u00fcz ve elastik olana kadar yakla\u015f\u0131k 10 dakika yo\u011furun. Ele al\u0131namayacak kadar yumu\u015faksa biraz daha un serpin. Hamuru bir top haline getirin ve stre\u00e7 filmle kaplayarak kaseye geri koyun. S\u0131cak bir yerde 1 saat 15 dakika veya iki kat\u0131na \u00e7\u0131kana kadar bekletin.   ","step_images":[124482,124483,124484,124485],"step_has_images":true},{"step_title":"","step_duration":"","step_description":"3 meyve suyu kutusunu veya bira kutusunu al\u00fcminyum folyo ile kaplay\u0131n. Hamuru 3 e\u015fit par\u00e7aya b\u00f6l\u00fcn. Hamuru 4 mm kal\u0131nl\u0131\u011f\u0131nda kare \u015feklinde a\u00e7\u0131n. Bir pizza kesici veya b\u0131\u00e7ak kullanarak hamuru yakla\u015f\u0131k 13 cm'lik uzun \u015feritler halinde kesin.   ","step_images":[124486],"step_has_images":true},{"step_title":"","step_duration":"","step_description":"Al\u00fcminyum folyoya eritilmi\u015f tereya\u011f\u0131 s\u00fcr\u00fcn ve \u015feritleri kutunun etraf\u0131na sar\u0131n, hamurun \u00e7\u00f6z\u00fclmemesi i\u00e7in ucunu s\u0131k\u0131\u015ft\u0131r\u0131n.\nDaha sonra hepsini birlikte bast\u0131rmak i\u00e7in tezgah\u0131n \u00fczerinde hafif\u00e7e yuvarlay\u0131n. ","step_images":[124487],"step_has_images":true},{"step_title":"","step_duration":"","step_description":"Kurtos'lar\u0131 pudra \u015fekerine bulay\u0131n ve 190\u00b0C'de 15 dakika f\u0131r\u0131na verin. Kurtos'lar\u0131n \u00fczerine bal s\u00fcr\u00fcn ve ard\u0131ndan \u00e7ekilmi\u015f cevizleri yuvarlay\u0131n. ","step_images":[124488,124489,124490,124484],"step_has_images":true}],"nutritions":[{"nutrition_name":"Kalori","nutrition_value":"454","nutrition_extra_info":"","google_rich_meta_field":false},{"nutrition_name":"Ya\u011f","nutrition_value":"13 g","nutrition_extra_info":"","google_rich_meta_field":false},{"nutrition_name":"Karbonhidrat","nutrition_value":"75 g","nutrition_extra_info":"","google_rich_meta_field":false},{"nutrition_name":"Protein","nutrition_value":"12.2 g","nutrition_extra_info":"","google_rich_meta_field":false}],"show_selected_posts_as_relative":[5447,4659,3538,4563,4888],"show_featured_recipes_slider":false,"featured_recipes":null,"featured_recipes_background_image":null,"featured_recipes_layout_type":"mixed","make_featured_recipes_fixed_width":false,"background_image":null,"background_image_size":"default","parallax_background":"default","enable_custom_header_settings":false,"top_menu_type":"version_1","logo_image":null,"logo_image_width":210},"related_recipe_ids":[5447,4659,3538,4563,4888],"default_slug":"gluten-free-kurtos-kalacs","_links":{"self":[{"href":"https:\/\/www.thegfrecipes.com\/tr\/wp-json\/wp\/v2\/osetin_recipe\/126849","targetHints":{"allow":["GET"]}}],"collection":[{"href":"https:\/\/www.thegfrecipes.com\/tr\/wp-json\/wp\/v2\/osetin_recipe"}],"about":[{"href":"https:\/\/www.thegfrecipes.com\/tr\/wp-json\/wp\/v2\/types\/osetin_recipe"}],"author":[{"embeddable":true,"href":"https:\/\/www.thegfrecipes.com\/tr\/wp-json\/wp\/v2\/users\/2"}],"replies":[{"embeddable":true,"href":"https:\/\/www.thegfrecipes.com\/tr\/wp-json\/wp\/v2\/comments?post=126849"}],"acf:post":[{"embeddable":true,"href":"https:\/\/www.thegfrecipes.com\/tr\/wp-json\/wp\/v2\/osetin_recipe\/4888"},{"embeddable":true,"href":"https:\/\/www.thegfrecipes.com\/tr\/wp-json\/wp\/v2\/osetin_recipe\/4563"},{"embeddable":true,"href":"https:\/\/www.thegfrecipes.com\/tr\/wp-json\/wp\/v2\/osetin_recipe\/3538"},{"embeddable":true,"href":"https:\/\/www.thegfrecipes.com\/tr\/wp-json\/wp\/v2\/osetin_recipe\/4659"},{"embeddable":true,"href":"https:\/\/www.thegfrecipes.com\/tr\/wp-json\/wp\/v2\/osetin_recipe\/5447"}],"acf:term":[{"embeddable":true,"taxonomy":"recipe_feature","href":"https:\/\/www.thegfrecipes.com\/tr\/wp-json\/wp\/v2\/recipe_feature\/2541"},{"embeddable":true,"taxonomy":"recipe_cuisine","href":"https:\/\/www.thegfrecipes.com\/tr\/wp-json\/wp\/v2\/recipe_cuisine\/2552"},{"embeddable":true,"taxonomy":"category","href":"https:\/\/www.thegfrecipes.com\/tr\/wp-json\/wp\/v2\/categories\/2548"}],"wp:featuredmedia":[{"embeddable":true,"href":"https:\/\/www.thegfrecipes.com\/tr\/wp-json\/wp\/v2\/media\/124794"}],"wp:attachment":[{"href":"https:\/\/www.thegfrecipes.com\/tr\/wp-json\/wp\/v2\/media?parent=126849"}],"wp:term":[{"taxonomy":"category","embeddable":true,"href":"https:\/\/www.thegfrecipes.com\/tr\/wp-json\/wp\/v2\/categories?post=126849"},{"taxonomy":"recipe_feature","embeddable":true,"href":"https:\/\/www.thegfrecipes.com\/tr\/wp-json\/wp\/v2\/recipe_feature?post=126849"},{"taxonomy":"recipe_ingredient","embeddable":true,"href":"https:\/\/www.thegfrecipes.com\/tr\/wp-json\/wp\/v2\/recipe_ingredient?post=126849"},{"taxonomy":"recipe_cuisine","embeddable":true,"href":"https:\/\/www.thegfrecipes.com\/tr\/wp-json\/wp\/v2\/recipe_cuisine?post=126849"}],"curies":[{"name":"wp","href":"https:\/\/api.w.org\/{rel}","templated":true}]}}