{"id":50254,"date":"2023-03-05T20:33:48","date_gmt":"2023-03-05T18:33:48","guid":{"rendered":"https:\/\/www.thegfrecipes.com\/recipe\/pachetele-branza\/"},"modified":"2023-06-27T10:43:27","modified_gmt":"2023-06-27T08:43:27","slug":"pachetele-cu-branza","status":"publish","type":"osetin_recipe","link":"https:\/\/www.thegfrecipes.com\/ro\/reteta\/pachetele-cu-branza\/","title":{"rendered":"Pache\u021bele cu br\u00e2nz\u0103"},"content":{"rendered":"\n<h4 class=\"wp-block-heading has-text-align-center\">To get started with this gluten free mini pies recipe , you&#8217;ll need the following ingredients:<\/h4>\n\n<figure class=\"wp-block-image size-large\"><img loading=\"lazy\" decoding=\"async\" width=\"1024\" height=\"469\" src=\"https:\/\/www.thegfrecipes.com\/wp-content\/uploads\/2023\/03\/IMG_20210810_220045-1024x469.jpg\" alt=\"\" class=\"wp-image-49658\" srcset=\"https:\/\/www.thegfrecipes.com\/wp-content\/uploads\/2023\/03\/IMG_20210810_220045-1024x469.jpg 1024w, https:\/\/www.thegfrecipes.com\/wp-content\/uploads\/2023\/03\/IMG_20210810_220045-300x138.jpg 300w, https:\/\/www.thegfrecipes.com\/wp-content\/uploads\/2023\/03\/IMG_20210810_220045-768x352.jpg 768w, https:\/\/www.thegfrecipes.com\/wp-content\/uploads\/2023\/03\/IMG_20210810_220045-1536x704.jpg 1536w, https:\/\/www.thegfrecipes.com\/wp-content\/uploads\/2023\/03\/IMG_20210810_220045-2048x939.jpg 2048w, https:\/\/www.thegfrecipes.com\/wp-content\/uploads\/2023\/03\/IMG_20210810_220045-500x229.jpg 500w\" sizes=\"auto, (max-width: 1024px) 100vw, 1024px\" \/><\/figure>\n\n<div style=\"height:6px\" aria-hidden=\"true\" class=\"wp-block-spacer\"><\/div>\n\n<div data-mode=\"normal\" data-oembed=\"1\" data-provider=\"youtube\" id=\"arve-youtube-0iofcsanayi\" class=\"arve\" class=\"wp-block-nextgenthemes-arve-block\">\n\t<div class=\"arve-inner\">\n\t\t<div class=\"arve-embed arve-embed--has-aspect-ratio\">\n\t\t\t<div class=\"arve-ar\" style=\"padding-top:56.250000%\"><\/div>\n\t\t\t<iframe allow=\"accelerometer &apos;none&apos;;autoplay &apos;none&apos;;bluetooth &apos;none&apos;;browsing-topics &apos;none&apos;;camera &apos;none&apos;;clipboard-read &apos;none&apos;;clipboard-write;display-capture &apos;none&apos;;encrypted-media &apos;none&apos;;gamepad &apos;none&apos;;geolocation &apos;none&apos;;gyroscope &apos;none&apos;;hid &apos;none&apos;;identity-credentials-get &apos;none&apos;;idle-detection &apos;none&apos;;keyboard-map &apos;none&apos;;local-fonts;magnetometer &apos;none&apos;;microphone &apos;none&apos;;midi &apos;none&apos;;otp-credentials &apos;none&apos;;payment &apos;none&apos;;picture-in-picture;publickey-credentials-create &apos;none&apos;;publickey-credentials-get &apos;none&apos;;screen-wake-lock &apos;none&apos;;serial &apos;none&apos;;summarizer &apos;none&apos;;sync-xhr;usb &apos;none&apos;;web-share;window-management &apos;none&apos;;xr-spatial-tracking &apos;none&apos;;\" allowfullscreen=\"\" class=\"arve-iframe fitvidsignore\" credentialless data-arve=\"arve-youtube-0iofcsanayi\" data-lenis-prevent=\"\" data-src-no-ap=\"https:\/\/www.youtube-nocookie.com\/embed\/0iOfCSANAYI?feature=oembed&amp;iv_load_policy=3&amp;modestbranding=1&amp;rel=0&amp;autohide=1&amp;playsinline=0&amp;autoplay=0\" frameborder=\"0\" height=\"0\" loading=\"lazy\" name=\"\" referrerpolicy=\"strict-origin-when-cross-origin\" sandbox=\"allow-scripts allow-same-origin allow-presentation allow-popups allow-popups-to-escape-sandbox\" scrolling=\"no\" src=\"https:\/\/www.youtube-nocookie.com\/embed\/0iOfCSANAYI?feature=oembed&#038;iv_load_policy=3&#038;modestbranding=1&#038;rel=0&#038;autohide=1&#038;playsinline=0&#038;autoplay=0\" title=\"\" width=\"0\"><\/iframe>\n\t\t\t\n\t\t<\/div>\n\t\t\n\t<\/div>\n\t\n\t\n\t<script type=\"application\/ld+json\">{\"@context\":\"http:\\\/\\\/schema.org\\\/\",\"@id\":\"https:\\\/\\\/www.thegfrecipes.com\\\/ro\\\/reteta\\\/pachetele-cu-branza\\\/#arve-youtube-0iofcsanayi\",\"type\":\"VideoObject\",\"embedURL\":\"https:\\\/\\\/www.youtube-nocookie.com\\\/embed\\\/0iOfCSANAYI?feature=oembed&iv_load_policy=3&modestbranding=1&rel=0&autohide=1&playsinline=0&autoplay=0\"}<\/script>\n\t\n<\/div>","protected":false},"excerpt":{"rendered":"<p>Pache\u021belele noastre sunt f\u0103cute cu o crust\u0103 fraged\u0103, umplut\u0103 cu un amestec cremos \u0219i de br\u00e2nz\u0103. <\/p>\n","protected":false},"author":2,"featured_media":113746,"comment_status":"open","ping_status":"closed","template":"","format":"standard","categories":[659],"recipe_feature":[671],"recipe_ingredient":[442,443,513,499,526,463,403,714,387,558,604,603],"recipe_cuisine":[646],"class_list":["post-50254","osetin_recipe","type-osetin_recipe","status-publish","format-standard","has-post-thumbnail","hentry","category-patiserie","recipe_feature-fara-gluten","recipe_ingredient-amidon-de-porumb","recipe_ingredient-branza-de-vaci","recipe_ingredient-coaja-de-lamaie","recipe_ingredient-guma-de-guar","recipe_ingredient-lapte","recipe_ingredient-ou","recipe_ingredient-praf-de-copt","recipe_ingredient-sare-ro","recipe_ingredient-schar-mix-c","recipe_ingredient-stafide","recipe_ingredient-ulei-de-floarea-soarelui","recipe_ingredient-zahar","recipe_cuisine-romania-ro"],"acf":{"sub_title":"","acf_featured_image":null,"recipe_category":[659],"recipe_cuisine":[646],"recipe_features":[671],"layout_type_for_single_recipe":"default","custom_image_for_header":null,"recipe_details_position":"default","quick_description":"Pache\u021belele noastre sunt f\u0103cute cu o crust\u0103 fraged\u0103, umplut\u0103 cu un amestec cremos \u0219i de br\u00e2nz\u0103. \n\n","recipe_serves":"8","recipe_difficulty":"2","recipe_preparation_time":"40 min","recipe_just_cooking_time":"15 min","recipe_cooking_time":"55 min","recipe_cooking_temperature":"180 \u00b0C","searchable_ingredients":true,"ingredients":[{"ingredient_obj":123,"ingredient_name":"","ingredient_amount":"150 g","ingredient_note":"sau br\u00e2nz\u0103 ricotta","separator":false,"custom_link":""},{"ingredient_obj":56,"ingredient_name":"","ingredient_amount":"6 linguri","ingredient_note":"","separator":false,"custom_link":""},{"ingredient_obj":44,"ingredient_name":"","ingredient_amount":"6 linguri","ingredient_note":"","separator":false,"custom_link":""},{"ingredient_obj":43,"ingredient_name":"","ingredient_amount":"1 linguri\u021b\u0103","ingredient_note":"","separator":false,"custom_link":""},{"ingredient_obj":79,"ingredient_name":"","ingredient_amount":"300 g","ingredient_note":"","separator":false,"custom_link":""},{"ingredient_obj":144,"ingredient_name":"","ingredient_amount":"100 g","ingredient_note":"","separator":false,"custom_link":""},{"ingredient_obj":146,"ingredient_name":"","ingredient_amount":"1 plicule\u021b","ingredient_note":"","separator":false,"custom_link":""},{"ingredient_obj":42,"ingredient_name":"","ingredient_amount":"1 lingur\u0103","ingredient_note":"","separator":false,"custom_link":""},{"ingredient_obj":null,"ingredient_name":"Umplutur\u0103","ingredient_amount":"","ingredient_note":"","separator":true,"custom_link":""},{"ingredient_obj":123,"ingredient_name":"","ingredient_amount":"150 g","ingredient_note":"sau br\u00e2nz\u0103 ricotta","separator":false,"custom_link":""},{"ingredient_obj":38,"ingredient_name":"","ingredient_amount":"2 linguri","ingredient_note":"","separator":false,"custom_link":""},{"ingredient_obj":52,"ingredient_name":"","ingredient_amount":"1","ingredient_note":"","separator":false,"custom_link":""},{"ingredient_obj":144,"ingredient_name":"","ingredient_amount":"1 lingur\u0103","ingredient_note":"","separator":false,"custom_link":""},{"ingredient_obj":159,"ingredient_name":"","ingredient_amount":"1 lingur\u0103","ingredient_note":"","separator":false,"custom_link":""},{"ingredient_obj":120,"ingredient_name":"","ingredient_amount":"fructe uscate &","ingredient_note":"","separator":false,"custom_link":""}],"steps":[{"step_title":"","step_duration":"","step_description":"Se combin\u0103 br\u00e2nza dulce, laptele, uleiul \u0219i sarea \u00eentr-un bol mic. Cerne\u021bi f\u0103ina, amidonul de porumb, praful de copt \u0219i guma de guar \u00eentr-un bol mare, ad\u0103ug\u00e2nd treptat compozi\u021bia de br\u00e2nz\u0103 \u0219i amestec\u00e2nd cu o lingur\u0103 de lemn. Ad\u0103uga\u021bi \u00eenc\u0103 50 ml de ulei \u0219i lapte, dac\u0103 este necesar.  ","step_images":[113722,113734,113740],"step_has_images":true},{"step_title":"","step_duration":"","step_description":"Se r\u0103stoarn\u0103 amestecul pe o suprafa\u021b\u0103 de lucru tapetat\u0103 cu f\u0103in\u0103 \u0219i se fr\u0103m\u00e2nt\u0103 timp de aproximativ 10 minute, p\u00e2n\u0103 se ob\u021bine un aluat moale \u0219i flexibil. Forma\u021bi o bil\u0103 din aluat, pe care trebuie s\u0103 o transfera\u021bi \u00eenapoi \u00een bol \u0219i s\u0103 o acoperi\u021bi cu folie alimentar\u0103. Se las\u0103 \u00eentr-un loc c\u0103ldu\u021b timp de 45 de minute, sau p\u00e2n\u0103 c\u00e2nd \u00ee\u0219i dubleaz\u0103 volumul.  ","step_images":[113674,113668],"step_has_images":true},{"step_title":"","step_duration":"","step_description":"\u00centr-un alt castron, se bat br\u00e2nza dulce, zah\u0103rul, oul, amidonul de porumb \u0219i coaja de l\u0103m\u00e2ie. Se mai adaug\u0103 amidon de porumb dac\u0103 vi se pare c\u0103 amestecul este prea lichid, deoarece ar trebui s\u0103 fie destul de gros. ","step_images":[113680],"step_has_images":true},{"step_title":"","step_duration":"","step_description":"\u00cemp\u0103r\u021bi\u021bi aluatul \u00een 4 buc\u0103\u021bi \u0219i \u00eentinde\u021bi-le individual p\u00e2n\u0103 c\u00e2nd ob\u021bine\u021bi o foaie p\u0103trat\u0103 de 2 mm grosime. Cu ajutorul unui cu\u021bit t\u0103ia\u021bi aluatul \u00een 4 p\u0103tra\u021bele. Se toarn\u0103 o lingur\u0103 de amestec peste fiecare p\u0103tr\u0103\u021bel, ad\u0103ug\u00e2nd stafidele sau fructele uscate.   ","step_images":[113686,113692,113698],"step_has_images":true},{"step_title":"","step_duration":"","step_description":"Apuca\u021bi col\u021bul din st\u00e2nga sus al p\u0103tratului \u0219i aduce\u021bi-l peste cel din dreapta jos. Presa\u021bi marginile cu o furculi\u021b\u0103 pentru a sigila pl\u0103cintele. Se ung cu un g\u0103lbenu\u0219 \u0219i se las\u0103 la cuptor timp de 15 minute.  ","step_images":[113704,113710,113698,113716,113758],"step_has_images":true}],"nutritions":[{"nutrition_name":"Calorii","nutrition_value":"172 kcal","nutrition_extra_info":"","google_rich_meta_field":false},{"nutrition_name":"gr\u0103simi","nutrition_value":"7.5 g","nutrition_extra_info":"","google_rich_meta_field":false},{"nutrition_name":"Carbo","nutrition_value":"21.5 g","nutrition_extra_info":"","google_rich_meta_field":false},{"nutrition_name":"proteine","nutrition_value":"4.5 g","nutrition_extra_info":"","google_rich_meta_field":false}],"show_selected_posts_as_relative":[4057,1781,2800,2801,2220],"show_featured_recipes_slider":false,"featured_recipes":null,"featured_recipes_background_image":null,"featured_recipes_layout_type":"mixed","make_featured_recipes_fixed_width":false,"background_image":null,"background_image_size":"default","parallax_background":"default","enable_custom_header_settings":false,"top_menu_type":"version_1","logo_image":null,"logo_image_width":210},"related_recipe_ids":[4057,1781,2800,2801,2220],"default_slug":"gluten-free-mini-pies-recipe","_links":{"self":[{"href":"https:\/\/www.thegfrecipes.com\/ro\/wp-json\/wp\/v2\/osetin_recipe\/50254","targetHints":{"allow":["GET"]}}],"collection":[{"href":"https:\/\/www.thegfrecipes.com\/ro\/wp-json\/wp\/v2\/osetin_recipe"}],"about":[{"href":"https:\/\/www.thegfrecipes.com\/ro\/wp-json\/wp\/v2\/types\/osetin_recipe"}],"author":[{"embeddable":true,"href":"https:\/\/www.thegfrecipes.com\/ro\/wp-json\/wp\/v2\/users\/2"}],"replies":[{"embeddable":true,"href":"https:\/\/www.thegfrecipes.com\/ro\/wp-json\/wp\/v2\/comments?post=50254"}],"acf:post":[{"embeddable":true,"href":"https:\/\/www.thegfrecipes.com\/ro\/wp-json\/wp\/v2\/osetin_recipe\/2220"},{"embeddable":true,"href":"https:\/\/www.thegfrecipes.com\/ro\/wp-json\/wp\/v2\/osetin_recipe\/2801"},{"embeddable":true,"href":"https:\/\/www.thegfrecipes.com\/ro\/wp-json\/wp\/v2\/osetin_recipe\/2800"},{"embeddable":true,"href":"https:\/\/www.thegfrecipes.com\/ro\/wp-json\/wp\/v2\/osetin_recipe\/1781"},{"embeddable":true,"href":"https:\/\/www.thegfrecipes.com\/ro\/wp-json\/wp\/v2\/osetin_recipe\/4057"}],"acf:term":[{"embeddable":true,"taxonomy":"recipe_feature","href":"https:\/\/www.thegfrecipes.com\/ro\/wp-json\/wp\/v2\/recipe_feature\/671"},{"embeddable":true,"taxonomy":"recipe_cuisine","href":"https:\/\/www.thegfrecipes.com\/ro\/wp-json\/wp\/v2\/recipe_cuisine\/646"},{"embeddable":true,"taxonomy":"category","href":"https:\/\/www.thegfrecipes.com\/ro\/wp-json\/wp\/v2\/categories\/659"}],"wp:featuredmedia":[{"embeddable":true,"href":"https:\/\/www.thegfrecipes.com\/ro\/wp-json\/wp\/v2\/media\/113746"}],"wp:attachment":[{"href":"https:\/\/www.thegfrecipes.com\/ro\/wp-json\/wp\/v2\/media?parent=50254"}],"wp:term":[{"taxonomy":"category","embeddable":true,"href":"https:\/\/www.thegfrecipes.com\/ro\/wp-json\/wp\/v2\/categories?post=50254"},{"taxonomy":"recipe_feature","embeddable":true,"href":"https:\/\/www.thegfrecipes.com\/ro\/wp-json\/wp\/v2\/recipe_feature?post=50254"},{"taxonomy":"recipe_ingredient","embeddable":true,"href":"https:\/\/www.thegfrecipes.com\/ro\/wp-json\/wp\/v2\/recipe_ingredient?post=50254"},{"taxonomy":"recipe_cuisine","embeddable":true,"href":"https:\/\/www.thegfrecipes.com\/ro\/wp-json\/wp\/v2\/recipe_cuisine?post=50254"}],"curies":[{"name":"wp","href":"https:\/\/api.w.org\/{rel}","templated":true}]}}